{"id":499,"date":"2022-07-27T12:35:46","date_gmt":"2022-07-27T10:35:46","guid":{"rendered":"https:\/\/wp21.landwirt.com\/tor-zaun\/?page_id=499"},"modified":"2022-10-11T09:18:13","modified_gmt":"2022-10-11T07:18:13","slug":"zaeune","status":"publish","type":"page","link":"https:\/\/www.wingelhofer.at\/tor-zaun\/zaeune\/","title":{"rendered":"Z\u00e4une"},"content":{"rendered":"<div class='flex_column av-a2q90-190a2f3996735c243abe65884cf21a09 av_one_full  avia-builder-el-0  avia-builder-el-no-sibling  first flex_column_div '   ><p>\n<style type=\"text\/css\" data-created_by=\"avia_inline_auto\" id=\"style-css-av-l63gs8h8-a2753ebb93665b0f8f223f1728851ebb\">\n#top .av-special-heading.av-l63gs8h8-a2753ebb93665b0f8f223f1728851ebb{\nmargin:0 0 2% 0;\npadding-bottom:10px;\n}\nbody .av-special-heading.av-l63gs8h8-a2753ebb93665b0f8f223f1728851ebb .av-special-heading-tag .heading-char{\nfont-size:25px;\n}\n.av-special-heading.av-l63gs8h8-a2753ebb93665b0f8f223f1728851ebb .av-subheading{\nfont-size:15px;\n}\n<\/style>\n<div  class='av-special-heading av-l63gs8h8-a2753ebb93665b0f8f223f1728851ebb av-special-heading-h1 blockquote modern-quote modern-centered  avia-builder-el-1  el_before_av_masonry_entries  avia-builder-el-no-sibling '><h1 class='av-special-heading-tag'  itemprop=\"headline\"  >Z\u00e4une<\/h1><div class=\"special-heading-border\"><div class=\"special-heading-inner-border\"><\/div><\/div><\/div><br \/>\n<div id='av-masonry-1' class='av-masonry av-l63gszr1-f0bc47abbb3a42ec95df06f7f6b0a172 noHover av-fixed-size av-large-gap av-hover-overlay-active av-masonry-animation-active av-masonry-col-4 av-caption-always av-caption-style-overlay av-masonry-entries '><div class=\"av-masonry-container isotope av-js-disabled\"><div class='av-masonry-entry isotope-item av-masonry-item-no-image all_sort zaeune_sort  tore_sort  tueren_sort '><\/div><a href=\"https:\/\/www.wingelhofer.at\/tor-zaun\/zaeune\/alu-zaeune-alu-gelaender-von-brix\/\"  id='av-masonry-1-item-47' data-av-masonry-item='47' class='av-masonry-entry isotope-item post-47 post type-post status-publish format-standard has-post-thumbnail hentry category-zaeune tag-startseite all_sort zaeune_sort  av-masonry-item-with-image' title=\"Paliquadra\"  itemscope=\"itemscope\" itemtype=\"https:\/\/schema.org\/CreativeWork\" ><div class='av-inner-masonry-sizer'><\/div><figure class='av-inner-masonry main_color'><div class=\"av-masonry-outerimage-container\"><div class='av-masonry-image-container' style=\"background-image: url(https:\/\/www.wingelhofer.at\/tor-zaun\/wp-content\/uploads\/sites\/3\/2022\/07\/csm_Paliquadra_6_870fd93e85-705x529.gif);\"  title=\"Paliquadra\"  ><\/div><\/div><figcaption class='av-inner-masonry-content site-background'><div class='av-inner-masonry-content-pos'><div class='av-inner-masonry-content-pos-content'><div class='avia-arrow'><\/div><h3 class='av-masonry-entry-title entry-title '  itemprop=\"headline\" >Alu-Z\u00e4une &#038; Alu-Gel\u00e4nder von BRIX<\/h3><span class='av-masonry-date meta-color updated'>25. Juli 2022<\/span><span class=\"av-masonry-text-sep text-sep-author\">\/<\/span><span class='av-masonry-author meta-color author'><span class='fn'>von Edith<\/span><\/span><\/div><\/div><\/figcaption><\/figure><\/a><!--end av-masonry entry--><a href=\"https:\/\/www.wingelhofer.at\/tor-zaun\/tore\/schauraum\/\"  id='av-masonry-1-item-227' data-av-masonry-item='227' class='av-masonry-entry isotope-item post-227 post type-post status-publish format-standard has-post-thumbnail hentry category-tore category-tueren category-zaeune tag-startseite all_sort tore_sort  tueren_sort  zaeune_sort  av-masonry-item-with-image' title=\"Schauraum Empfang\"  itemscope=\"itemscope\" itemtype=\"https:\/\/schema.org\/CreativeWork\" ><div class='av-inner-masonry-sizer'><\/div><figure class='av-inner-masonry main_color'><div class=\"av-masonry-outerimage-container\"><div class='av-masonry-image-container' style=\"background-image: url(https:\/\/www.wingelhofer.at\/tor-zaun\/wp-content\/uploads\/sites\/3\/2022\/07\/FullRes_Empfang-1-705x470.jpg);\"  title=\"Schauraum Empfang\"  ><\/div><\/div><figcaption class='av-inner-masonry-content site-background'><div class='av-inner-masonry-content-pos'><div class='av-inner-masonry-content-pos-content'><div class='avia-arrow'><\/div><h3 class='av-masonry-entry-title entry-title '  itemprop=\"headline\" >Schauraum<\/h3><span class='av-masonry-date meta-color updated'>26. Juli 2022<\/span><span class=\"av-masonry-text-sep text-sep-author\">\/<\/span><span class='av-masonry-author meta-color author'><span class='fn'>von alex<\/span><\/span><\/div><\/div><\/figcaption><\/figure><\/a><!--end av-masonry entry--><a href=\"https:\/\/www.wingelhofer.at\/tor-zaun\/zaeune\/stahlgitterzaeune\/\"  id='av-masonry-1-item-410' data-av-masonry-item='410' class='av-masonry-entry isotope-item post-410 post type-post status-publish format-standard has-post-thumbnail hentry category-zaeune all_sort zaeune_sort  av-masonry-item-with-image' title=\"20181206_150820\"  itemscope=\"itemscope\" itemtype=\"https:\/\/schema.org\/CreativeWork\" ><div class='av-inner-masonry-sizer'><\/div><figure class='av-inner-masonry main_color'><div class=\"av-masonry-outerimage-container\"><div class='av-masonry-image-container' style=\"background-image: url(https:\/\/www.wingelhofer.at\/tor-zaun\/wp-content\/uploads\/sites\/3\/2022\/07\/20181206_150820-705x397.jpg);\"  title=\"20181206_150820\"  ><\/div><\/div><figcaption class='av-inner-masonry-content site-background'><div class='av-inner-masonry-content-pos'><div class='av-inner-masonry-content-pos-content'><div class='avia-arrow'><\/div><h3 class='av-masonry-entry-title entry-title '  itemprop=\"headline\" >Stahl&shy;gitter&shy;z\u00e4une<\/h3><span class='av-masonry-date meta-color updated'>26. Juli 2022<\/span><span class=\"av-masonry-text-sep text-sep-author\">\/<\/span><span class='av-masonry-author meta-color author'><span class='fn'>von alex<\/span><\/span><\/div><\/div><\/figcaption><\/figure><\/a><!--end av-masonry entry--><a href=\"https:\/\/www.wingelhofer.at\/tor-zaun\/zaeune\/maschendrahtzaeune\/\"  id='av-masonry-1-item-424' data-av-masonry-item='424' class='av-masonry-entry isotope-item post-424 post type-post status-publish format-standard has-post-thumbnail hentry category-zaeune all_sort zaeune_sort  av-masonry-item-with-image' title=\"maschendrahtzaun_03\"  itemscope=\"itemscope\" itemtype=\"https:\/\/schema.org\/CreativeWork\" ><div class='av-inner-masonry-sizer'><\/div><figure class='av-inner-masonry main_color'><div class=\"av-masonry-outerimage-container\"><div class='av-masonry-image-container' style=\"background-image: url(https:\/\/www.wingelhofer.at\/tor-zaun\/wp-content\/uploads\/sites\/3\/2022\/07\/maschendrahtzaun_03-705x338.jpg);\"  title=\"maschendrahtzaun_03\"  ><\/div><\/div><figcaption class='av-inner-masonry-content site-background'><div class='av-inner-masonry-content-pos'><div class='av-inner-masonry-content-pos-content'><div class='avia-arrow'><\/div><h3 class='av-masonry-entry-title entry-title '  itemprop=\"headline\" >Maschen&shy;draht&shy;z\u00e4une<\/h3><span class='av-masonry-date meta-color updated'>26. Juli 2022<\/span><span class=\"av-masonry-text-sep text-sep-author\">\/<\/span><span class='av-masonry-author meta-color author'><span class='fn'>von alex<\/span><\/span><\/div><\/div><\/figcaption><\/figure><\/a><!--end av-masonry entry--><a href=\"https:\/\/www.wingelhofer.at\/tor-zaun\/zaeune\/pflegehinweis\/\"  id='av-masonry-1-item-431' data-av-masonry-item='431' class='av-masonry-entry isotope-item post-431 post type-post status-publish format-standard has-post-thumbnail hentry category-zaeune tag-startseite all_sort zaeune_sort  av-masonry-item-with-image' title=\"maschendrahtzaun_01\"  itemscope=\"itemscope\" itemtype=\"https:\/\/schema.org\/CreativeWork\" ><div class='av-inner-masonry-sizer'><\/div><figure class='av-inner-masonry main_color'><div class=\"av-masonry-outerimage-container\"><div class='av-masonry-image-container' style=\"background-image: url(https:\/\/www.wingelhofer.at\/tor-zaun\/wp-content\/uploads\/sites\/3\/2022\/07\/maschendrahtzaun_01-705x443.jpg);\"  title=\"maschendrahtzaun_01\"  ><\/div><\/div><figcaption class='av-inner-masonry-content site-background'><div class='av-inner-masonry-content-pos'><div class='av-inner-masonry-content-pos-content'><div class='avia-arrow'><\/div><h3 class='av-masonry-entry-title entry-title '  itemprop=\"headline\" >Pflege&shy;hinweis<\/h3><span class='av-masonry-date meta-color updated'>26. Juli 2022<\/span><span class=\"av-masonry-text-sep text-sep-author\">\/<\/span><span class='av-masonry-author meta-color author'><span class='fn'>von alex<\/span><\/span><\/div><\/div><\/figcaption><\/figure><\/a><!--end av-masonry entry--><a href=\"https:\/\/www.wingelhofer.at\/tor-zaun\/zaeune\/gehtueren-fluegel-und-schiebetore\/\"  id='av-masonry-1-item-389' data-av-masonry-item='389' class='av-masonry-entry isotope-item post-389 post type-post status-publish format-standard has-post-thumbnail hentry category-zaeune tag-startseite all_sort zaeune_sort  av-masonry-item-with-image' title=\"5-5\"  itemscope=\"itemscope\" itemtype=\"https:\/\/schema.org\/CreativeWork\" ><div class='av-inner-masonry-sizer'><\/div><figure class='av-inner-masonry main_color'><div class=\"av-masonry-outerimage-container\"><div class='av-masonry-image-container' style=\"background-image: url(https:\/\/www.wingelhofer.at\/tor-zaun\/wp-content\/uploads\/sites\/3\/2022\/07\/5-5-2-705x429.jpg);\"  title=\"5-5\"  ><\/div><\/div><figcaption class='av-inner-masonry-content site-background'><div class='av-inner-masonry-content-pos'><div class='av-inner-masonry-content-pos-content'><div class='avia-arrow'><\/div><h3 class='av-masonry-entry-title entry-title '  itemprop=\"headline\" >Geht\u00fcren, Fl\u00fcgel- und Schiebetore<\/h3><span class='av-masonry-date meta-color updated'>19. September 2022<\/span><span class=\"av-masonry-text-sep text-sep-author\">\/<\/span><span class='av-masonry-author meta-color author'><span class='fn'>von alex<\/span><\/span><\/div><\/div><\/figcaption><\/figure><\/a><!--end av-masonry entry--><\/div><\/div><\/p><\/div>\n","protected":false},"excerpt":{"rendered":"","protected":false},"author":2,"featured_media":0,"parent":0,"menu_order":4,"comment_status":"closed","ping_status":"closed","template":"","meta":{"footnotes":""},"class_list":["post-499","page","type-page","status-publish","hentry"],"yoast_head":"<!-- This site is optimized with the Yoast SEO plugin v27.5 - https:\/\/yoast.com\/product\/yoast-seo-wordpress\/ -->\n<title>Z\u00e4une - Wingelhofer Tore, T\u00fcren, Z\u00e4une, Sonnenschutz<\/title>\n<meta name=\"robots\" content=\"index, follow, max-snippet:-1, max-image-preview:large, max-video-preview:-1\" \/>\n<link rel=\"canonical\" href=\"https:\/\/www.wingelhofer.at\/tor-zaun\/zaeune\/\" \/>\n<meta property=\"og:locale\" content=\"de_DE\" \/>\n<meta property=\"og:type\" content=\"article\" \/>\n<meta property=\"og:title\" content=\"Z\u00e4une - Wingelhofer Tore, T\u00fcren, Z\u00e4une, Sonnenschutz\" \/>\n<meta property=\"og:url\" content=\"https:\/\/www.wingelhofer.at\/tor-zaun\/zaeune\/\" \/>\n<meta property=\"og:site_name\" content=\"Wingelhofer Tore, T\u00fcren, Z\u00e4une, Sonnenschutz\" \/>\n<meta property=\"article:modified_time\" content=\"2022-10-11T07:18:13+00:00\" \/>\n<meta name=\"twitter:card\" content=\"summary_large_image\" \/>\n<meta name=\"twitter:label1\" content=\"Gesch\u00e4tzte Lesezeit\" \/>\n\t<meta name=\"twitter:data1\" content=\"1\u00a0Minute\" \/>\n<script type=\"application\/ld+json\" class=\"yoast-schema-graph\">{\"@context\":\"https:\\\/\\\/schema.org\",\"@graph\":[{\"@type\":\"WebPage\",\"@id\":\"https:\\\/\\\/www.wingelhofer.at\\\/tor-zaun\\\/zaeune\\\/\",\"url\":\"https:\\\/\\\/www.wingelhofer.at\\\/tor-zaun\\\/zaeune\\\/\",\"name\":\"Z\u00e4une - Wingelhofer Tore, T\u00fcren, Z\u00e4une, Sonnenschutz\",\"isPartOf\":{\"@id\":\"https:\\\/\\\/www.wingelhofer.at\\\/tor-zaun\\\/#website\"},\"datePublished\":\"2022-07-27T10:35:46+00:00\",\"dateModified\":\"2022-10-11T07:18:13+00:00\",\"breadcrumb\":{\"@id\":\"https:\\\/\\\/www.wingelhofer.at\\\/tor-zaun\\\/zaeune\\\/#breadcrumb\"},\"inLanguage\":\"de\",\"potentialAction\":[{\"@type\":\"ReadAction\",\"target\":[\"https:\\\/\\\/www.wingelhofer.at\\\/tor-zaun\\\/zaeune\\\/\"]}]},{\"@type\":\"BreadcrumbList\",\"@id\":\"https:\\\/\\\/www.wingelhofer.at\\\/tor-zaun\\\/zaeune\\\/#breadcrumb\",\"itemListElement\":[{\"@type\":\"ListItem\",\"position\":1,\"name\":\"Startseite\",\"item\":\"https:\\\/\\\/www.wingelhofer.at\\\/tor-zaun\\\/tueren-tore-zaune-sonnenschutz\\\/\"},{\"@type\":\"ListItem\",\"position\":2,\"name\":\"Z\u00e4une\"}]},{\"@type\":\"WebSite\",\"@id\":\"https:\\\/\\\/www.wingelhofer.at\\\/tor-zaun\\\/#website\",\"url\":\"https:\\\/\\\/www.wingelhofer.at\\\/tor-zaun\\\/\",\"name\":\"Wingelhofer Tore, T\u00fcren, Z\u00e4une, Sonnenschutz\",\"description\":\"Eine weitere Wingelhofer & S\u00f6hne Websites Website\",\"potentialAction\":[{\"@type\":\"SearchAction\",\"target\":{\"@type\":\"EntryPoint\",\"urlTemplate\":\"https:\\\/\\\/www.wingelhofer.at\\\/tor-zaun\\\/?s={search_term_string}\"},\"query-input\":{\"@type\":\"PropertyValueSpecification\",\"valueRequired\":true,\"valueName\":\"search_term_string\"}}],\"inLanguage\":\"de\"}]}<\/script>\n<!-- \/ Yoast SEO plugin. -->","yoast_head_json":{"title":"Z\u00e4une - Wingelhofer Tore, T\u00fcren, Z\u00e4une, Sonnenschutz","robots":{"index":"index","follow":"follow","max-snippet":"max-snippet:-1","max-image-preview":"max-image-preview:large","max-video-preview":"max-video-preview:-1"},"canonical":"https:\/\/www.wingelhofer.at\/tor-zaun\/zaeune\/","og_locale":"de_DE","og_type":"article","og_title":"Z\u00e4une - Wingelhofer Tore, T\u00fcren, Z\u00e4une, Sonnenschutz","og_url":"https:\/\/www.wingelhofer.at\/tor-zaun\/zaeune\/","og_site_name":"Wingelhofer Tore, T\u00fcren, Z\u00e4une, Sonnenschutz","article_modified_time":"2022-10-11T07:18:13+00:00","twitter_card":"summary_large_image","twitter_misc":{"Gesch\u00e4tzte Lesezeit":"1\u00a0Minute"},"schema":{"@context":"https:\/\/schema.org","@graph":[{"@type":"WebPage","@id":"https:\/\/www.wingelhofer.at\/tor-zaun\/zaeune\/","url":"https:\/\/www.wingelhofer.at\/tor-zaun\/zaeune\/","name":"Z\u00e4une - Wingelhofer Tore, T\u00fcren, Z\u00e4une, Sonnenschutz","isPartOf":{"@id":"https:\/\/www.wingelhofer.at\/tor-zaun\/#website"},"datePublished":"2022-07-27T10:35:46+00:00","dateModified":"2022-10-11T07:18:13+00:00","breadcrumb":{"@id":"https:\/\/www.wingelhofer.at\/tor-zaun\/zaeune\/#breadcrumb"},"inLanguage":"de","potentialAction":[{"@type":"ReadAction","target":["https:\/\/www.wingelhofer.at\/tor-zaun\/zaeune\/"]}]},{"@type":"BreadcrumbList","@id":"https:\/\/www.wingelhofer.at\/tor-zaun\/zaeune\/#breadcrumb","itemListElement":[{"@type":"ListItem","position":1,"name":"Startseite","item":"https:\/\/www.wingelhofer.at\/tor-zaun\/tueren-tore-zaune-sonnenschutz\/"},{"@type":"ListItem","position":2,"name":"Z\u00e4une"}]},{"@type":"WebSite","@id":"https:\/\/www.wingelhofer.at\/tor-zaun\/#website","url":"https:\/\/www.wingelhofer.at\/tor-zaun\/","name":"Wingelhofer Tore, T\u00fcren, Z\u00e4une, Sonnenschutz","description":"Eine weitere Wingelhofer & S\u00f6hne Websites Website","potentialAction":[{"@type":"SearchAction","target":{"@type":"EntryPoint","urlTemplate":"https:\/\/www.wingelhofer.at\/tor-zaun\/?s={search_term_string}"},"query-input":{"@type":"PropertyValueSpecification","valueRequired":true,"valueName":"search_term_string"}}],"inLanguage":"de"}]}},"_links":{"self":[{"href":"https:\/\/www.wingelhofer.at\/tor-zaun\/wp-json\/wp\/v2\/pages\/499","targetHints":{"allow":["GET"]}}],"collection":[{"href":"https:\/\/www.wingelhofer.at\/tor-zaun\/wp-json\/wp\/v2\/pages"}],"about":[{"href":"https:\/\/www.wingelhofer.at\/tor-zaun\/wp-json\/wp\/v2\/types\/page"}],"author":[{"embeddable":true,"href":"https:\/\/www.wingelhofer.at\/tor-zaun\/wp-json\/wp\/v2\/users\/2"}],"replies":[{"embeddable":true,"href":"https:\/\/www.wingelhofer.at\/tor-zaun\/wp-json\/wp\/v2\/comments?post=499"}],"version-history":[{"count":3,"href":"https:\/\/www.wingelhofer.at\/tor-zaun\/wp-json\/wp\/v2\/pages\/499\/revisions"}],"predecessor-version":[{"id":1196,"href":"https:\/\/www.wingelhofer.at\/tor-zaun\/wp-json\/wp\/v2\/pages\/499\/revisions\/1196"}],"wp:attachment":[{"href":"https:\/\/www.wingelhofer.at\/tor-zaun\/wp-json\/wp\/v2\/media?parent=499"}],"curies":[{"name":"wp","href":"https:\/\/api.w.org\/{rel}","templated":true}]}}